{"id":3763,"date":"2025-04-01T10:24:55","date_gmt":"2025-04-01T10:24:55","guid":{"rendered":"https:\/\/agroreforest.eu\/?post_type=tribe_events&#038;p=3763"},"modified":"2025-04-07T12:29:26","modified_gmt":"2025-04-07T12:29:26","slug":"digital-tools-in-agriculture-perceptions-and-barriers-to-adoption","status":"publish","type":"tribe_events","link":"https:\/\/agroreforest.eu\/fr\/event\/digital-tools-in-agriculture-perceptions-and-barriers-to-adoption\/","title":{"rendered":"Les outils num\u00e9riques dans l'agriculture : Perceptions et obstacles \u00e0 l'adoption"},"content":{"rendered":"<p>Le projet ReForest est fier de participer au deuxi\u00e8me webinaire de la s\u00e9rie de webinaires Agroecology Cluster, qui rassemble des projets financ\u00e9s par l'UE visant \u00e0 promouvoir des syst\u00e8mes agricoles durables, r\u00e9silients et soutenus par le num\u00e9rique.<\/p>\n<p>Cette session interactive mettra en lumi\u00e8re la mani\u00e8re dont les outils num\u00e9riques acc\u00e9l\u00e8rent l'adoption de pratiques agro\u00e9cologiques et renforcent l'autonomie des agriculteurs, des chercheurs et des d\u00e9cideurs politiques.<\/p>\n<p><strong>Points forts de l'ordre du jour :<\/strong><\/p>\n<ul>\n<li><em>Bienvenue et remarques introductives<\/em><\/li>\n<li><em>Evangelia Mourmoura, DG AGRI - La num\u00e9risation dans l'agriculture<\/em><\/li>\n<li><em>Tom Staton, <\/em><a href=\"https:\/\/agroreforest.eu\/fr\/\"><em>ReForest<\/em><\/a><em> - Applications pratiques des outils num\u00e9riques pour l'agroforesterie<\/em><\/li>\n<li><em>Elias Maritan, <\/em><a href=\"https:\/\/d4agecol.eu\/\"><em>D4AgEcol<\/em><\/a><em> - Impact de l'adoption des technologies au niveau de l'exploitation<\/em><\/li>\n<li><em> Evelyn Reinmuth, <\/em><a href=\"https:\/\/www.path2dea.eu\/index.html\"><em>PATH2DEA<\/em><\/a><em> - R\u00e9sultats de l'enqu\u00eate et de l'atelier local<\/em><\/li>\n<li><em>Discussion interactive avec le public<\/em><\/li>\n<\/ul>\n<p>La pr\u00e9sentation de ReForest mettra en \u00e9vidence la mani\u00e8re dont les outils num\u00e9riques sont utilis\u00e9s pour soutenir l'adoption de l'agroforesterie \u00e0 travers l'Europe, avec des exemples pratiques issus des laboratoires vivants du projet.<\/p>\n<p>Que vous soyez d\u00e9cideur, agriculteur, conseiller ou membre de la communaut\u00e9 des chercheurs, cet \u00e9v\u00e9nement offre des perspectives pr\u00e9cieuses sur la mani\u00e8re dont la technologie fa\u00e7onne l'avenir de l'agro\u00e9cologie.<\/p>\n<p><strong>De plus amples informations et le formulaire d'inscription sont disponibles sur le site\u00a0<\/strong><a href=\"https:\/\/www.path2dea.eu\/agroecology-cluster\/webinar-series.html\"><strong>Page du cluster agro\u00e9cologie<\/strong><\/a><strong>.<\/strong><\/p>\n<p>Au plaisir de vous rencontrer bient\u00f4t !<\/p>","protected":false},"excerpt":{"rendered":"<p>The ReForest project is proud to participate in the second webinar of the Agroecology Cluster webinar series, which brings together EU-funded projects working to promote sustainable, resilient, and digitally supported [&hellip;]<\/p>\n","protected":false},"author":1,"featured_media":3764,"template":"","meta":{"site-sidebar-layout":"default","site-content-layout":"","ast-site-content-layout":"default","site-content-style":"default","site-sidebar-style":"default","ast-global-header-display":"","ast-banner-title-visibility":"","ast-main-header-display":"","ast-hfb-above-header-display":"","ast-hfb-below-header-display":"","ast-hfb-mobile-header-display":"","site-post-title":"","ast-breadcrumbs-content":"","ast-featured-img":"","footer-sml-layout":"","ast-disable-related-posts":"","theme-transparent-header-meta":"default","adv-header-id-meta":"","stick-header-meta":"","header-above-stick-meta":"","header-main-stick-meta":"","header-below-stick-meta":"","astra-migrate-meta-layouts":"set","ast-page-background-enabled":"default","ast-page-background-meta":{"desktop":{"background-color":"","background-image":"","background-repeat":"repeat","background-position":"center center","background-size":"auto","background-attachment":"scroll","background-type":"","background-media":"","overlay-type":"","overlay-color":"","overlay-opacity":"","overlay-gradient":""},"tablet":{"background-color":"","background-image":"","background-repeat":"repeat","background-position":"center center","background-size":"auto","background-attachment":"scroll","background-type":"","background-media":"","overlay-type":"","overlay-color":"","overlay-opacity":"","overlay-gradient":""},"mobile":{"background-color":"","background-image":"","background-repeat":"repeat","background-position":"center center","background-size":"auto","background-attachment":"scroll","background-type":"","background-media":"","overlay-type":"","overlay-color":"","overlay-opacity":"","overlay-gradient":""}},"ast-content-background-meta":{"desktop":{"background-color":"var(--ast-global-color-4)","background-image":"","background-repeat":"repeat","background-position":"center center","background-size":"auto","background-attachment":"scroll","background-type":"","background-media":"","overlay-type":"","overlay-color":"","overlay-opacity":"","overlay-gradient":""},"tablet":{"background-color":"var(--ast-global-color-4)","background-image":"","background-repeat":"repeat","background-position":"center center","background-size":"auto","background-attachment":"scroll","background-type":"","background-media":"","overlay-type":"","overlay-color":"","overlay-opacity":"","overlay-gradient":""},"mobile":{"background-color":"var(--ast-global-color-4)","background-image":"","background-repeat":"repeat","background-position":"center center","background-size":"auto","background-attachment":"scroll","background-type":"","background-media":"","overlay-type":"","overlay-color":"","overlay-opacity":"","overlay-gradient":""}},"_tribe_events_status":"","_tribe_events_status_reason":"","wds_primary_tribe_events_cat":0,"footnotes":""},"tags":[],"tribe_events_cat":[],"class_list":["post-3763","tribe_events","type-tribe_events","status-publish","has-post-thumbnail","hentry"],"_links":{"self":[{"href":"https:\/\/agroreforest.eu\/fr\/wp-json\/wp\/v2\/tribe_events\/3763","targetHints":{"allow":["GET"]}}],"collection":[{"href":"https:\/\/agroreforest.eu\/fr\/wp-json\/wp\/v2\/tribe_events"}],"about":[{"href":"https:\/\/agroreforest.eu\/fr\/wp-json\/wp\/v2\/types\/tribe_events"}],"author":[{"embeddable":true,"href":"https:\/\/agroreforest.eu\/fr\/wp-json\/wp\/v2\/users\/1"}],"version-history":[{"count":1,"href":"https:\/\/agroreforest.eu\/fr\/wp-json\/wp\/v2\/tribe_events\/3763\/revisions"}],"predecessor-version":[{"id":3766,"href":"https:\/\/agroreforest.eu\/fr\/wp-json\/wp\/v2\/tribe_events\/3763\/revisions\/3766"}],"wp:featuredmedia":[{"embeddable":true,"href":"https:\/\/agroreforest.eu\/fr\/wp-json\/wp\/v2\/media\/3764"}],"wp:attachment":[{"href":"https:\/\/agroreforest.eu\/fr\/wp-json\/wp\/v2\/media?parent=3763"}],"wp:term":[{"taxonomy":"post_tag","embeddable":true,"href":"https:\/\/agroreforest.eu\/fr\/wp-json\/wp\/v2\/tags?post=3763"},{"taxonomy":"tribe_events_cat","embeddable":true,"href":"https:\/\/agroreforest.eu\/fr\/wp-json\/wp\/v2\/tribe_events_cat?post=3763"}],"curies":[{"name":"wp","href":"https:\/\/api.w.org\/{rel}","templated":true}]}}